{"id":11714,"date":"2025-07-22T11:40:33","date_gmt":"2025-07-22T10:40:33","guid":{"rendered":"https:\/\/edenalvor.com\/booking\/concerto-de-natal-no-eden-alvor\/"},"modified":"2026-02-10T12:50:59","modified_gmt":"2026-02-10T12:50:59","slug":"concerto-de-natal-no-eden-alvor","status":"publish","type":"product","link":"https:\/\/edenalvor.com\/pt-pt\/reserva\/concerto-de-natal-no-eden-alvor\/","title":{"rendered":"Concerto de Natal no Eden Alvor"},"content":{"rendered":"<p data-start=\"211\" data-end=\"223\"><strong data-start=\"211\" data-end=\"221\">Saladas<\/strong><\/p>\n<ul data-start=\"224\" data-end=\"465\">\n<li data-start=\"224\" data-end=\"296\">\n<p data-start=\"226\" data-end=\"296\">Salada mista (alface, tomate, cebola, pepino, cenoura ralada)<\/p>\n<\/li>\n<li data-start=\"297\" data-end=\"381\">\n<p data-start=\"299\" data-end=\"381\">Sele\u00e7\u00e3o de molhos: maionese, ketchup, barbecue, vinagrete, sweet chili<\/p>\n<\/li>\n<li data-start=\"382\" data-end=\"412\">\n<p data-start=\"384\" data-end=\"412\">Salada de cenoura \u00e0 Algarvia<\/p>\n<\/li>\n<li data-start=\"413\" data-end=\"447\">\n<p data-start=\"415\" data-end=\"447\">Salada de atum e feij\u00e3o-frade<\/p>\n<\/li>\n<li data-start=\"448\" data-end=\"465\">\n<p data-start=\"450\" data-end=\"465\">Asinhas de frango<\/p>\n<\/li>\n<\/ul>\n<p data-start=\"467\" data-end=\"477\"><strong data-start=\"467\" data-end=\"475\">Sopa<\/strong><\/p>\n<ul data-start=\"478\" data-end=\"505\">\n<li data-start=\"478\" data-end=\"505\">\n<p data-start=\"480\" data-end=\"505\">Creme de legumes<\/p>\n<\/li>\n<\/ul>\n<p data-start=\"507\" data-end=\"523\"><strong data-start=\"507\" data-end=\"521\">Pratos quentes<\/strong><\/p>\n<ul data-start=\"524\" data-end=\"778\">\n<li data-start=\"524\" data-end=\"560\">\n<p data-start=\"526\" data-end=\"560\">Bacalhau com Natas<\/p>\n<\/li>\n<li data-start=\"561\" data-end=\"630\">\n<p data-start=\"563\" data-end=\"630\">Barriga de porco grelhada, enchidos, frango, massa concha, peito de frango<\/p>\n<\/li>\n<li data-start=\"631\" data-end=\"647\">\n<p data-start=\"633\" data-end=\"647\">Arroz branco<\/p>\n<\/li>\n<li data-start=\"648\" data-end=\"671\">\n<p data-start=\"650\" data-end=\"671\">Batatas \u00e0 Steakhouse<\/p>\n<\/li>\n<li data-start=\"672\" data-end=\"694\">\n<p data-start=\"674\" data-end=\"694\">Legumes grelhados<\/p>\n<\/li>\n<li data-start=\"695\" data-end=\"714\">\n<p data-start=\"697\" data-end=\"714\">Nuggets de frango<\/p>\n<\/li>\n<li data-start=\"715\" data-end=\"778\">\n<p data-start=\"717\" data-end=\"778\">Molho \u00e0 Napolitana com legumes (vegetariano \/ vegan)<\/p>\n<\/li>\n<\/ul>\n<p data-start=\"780\" data-end=\"794\"><strong data-start=\"780\" data-end=\"792\">Sobremesas<\/strong><\/p>\n<ul data-start=\"795\" data-end=\"896\">\n<li data-start=\"795\" data-end=\"815\">\n<p data-start=\"797\" data-end=\"815\">Mousse de chocolate<\/p>\n<\/li>\n<li data-start=\"816\" data-end=\"832\">\n<p data-start=\"818\" data-end=\"832\">Arroz doce<\/p>\n<\/li>\n<li data-start=\"833\" data-end=\"847\">\n<p data-start=\"835\" data-end=\"847\">Torta Su\u00ed\u00e7a<\/p>\n<\/li>\n<li data-start=\"848\" data-end=\"872\">\n<p data-start=\"850\" data-end=\"872\">Cheesecake de frutos vermelhos<\/p>\n<\/li>\n<li data-start=\"873\" data-end=\"896\">\n<p data-start=\"875\" data-end=\"896\">Prato de fruta fresca<\/p>\n<\/li>\n<\/ul>\n","protected":false},"excerpt":{"rendered":"<p>Uma noite de m\u00fasica natal\u00edcia e boa comida espera por si no Eden Alvor. Junte-se ao Coro Comunit\u00e1rio de Alvor para um concerto festivo e buffet no dia 17 de dezembro, \u00e0s 19h00. Os bilhetes custam 20 \u20ac por pessoa antecipadamente ou 25 \u20ac no dia.   <em>(O menu completo pode ser encontrado na descri\u00e7\u00e3o abaixo).<\/em><\/p>\n<p>Podes vir ouvir o concerto gratuitamente sem fazer uma refei\u00e7\u00e3o. Mas daremos prioridade aos clientes que reservaram o buffet. Esperamos que compreendas.  <\/p>\n<p>Tamb\u00e9m podes reservar a tua mesa enviando um email para info@edenalvor.com ou ligar para 282 483 447.<\/p>\n<p>Esperamos dar-te as boas-vindas ao Eden Alvor no dia 17 de dezembro.<\/p>\n<h3><em>Os lugares interiores para o buffet deste evento est\u00e3o completamente reservados. <\/em><\/h3>\n<h3><em>Podes vir beber algo (no bar ou no terra\u00e7o) e ouvir o concerto gratuitamente<\/em><\/h3>\n<p>&nbsp;<\/p>\n<h3><\/h3>\n","protected":false},"featured_media":11717,"comment_status":"open","ping_status":"closed","template":"","meta":{"_piecal_is_event":false,"_piecal_start_date":"","_piecal_end_date":"","_piecal_is_allday":false},"product_brand":[],"product_cat":[70],"product_tag":[],"class_list":{"0":"post-11714","1":"product","2":"type-product","3":"status-publish","4":"has-post-thumbnail","6":"product_cat-restaurante","8":"first","9":"instock","10":"virtual","11":"sold-individually","12":"purchasable","13":"product-type-booking"},"bundled_by":[],"bundle_stock_status":"instock","bundle_stock_quantity":null,"bundle_virtual":false,"bundle_layout":"","bundle_add_to_cart_form_location":"","bundle_editable_in_cart":false,"bundle_sold_individually_context":"","bundle_item_grouping":"","bundle_min_size":"","bundle_max_size":"","bundle_price":[],"bundled_items":[],"bundle_sell_ids":[],"group_of_quantity":0,"min_quantity":0,"max_quantity":"","exclude_order_quantity_value_rules":"no","exclude_category_quantity_rules":"no","combine_variations":"no","_links":{"self":[{"href":"https:\/\/edenalvor.com\/pt-pt\/wp-json\/wp\/v2\/product\/11714","targetHints":{"allow":["GET"]}}],"collection":[{"href":"https:\/\/edenalvor.com\/pt-pt\/wp-json\/wp\/v2\/product"}],"about":[{"href":"https:\/\/edenalvor.com\/pt-pt\/wp-json\/wp\/v2\/types\/product"}],"replies":[{"embeddable":true,"href":"https:\/\/edenalvor.com\/pt-pt\/wp-json\/wp\/v2\/comments?post=11714"}],"wp:featuredmedia":[{"embeddable":true,"href":"https:\/\/edenalvor.com\/pt-pt\/wp-json\/wp\/v2\/media\/11717"}],"wp:attachment":[{"href":"https:\/\/edenalvor.com\/pt-pt\/wp-json\/wp\/v2\/media?parent=11714"}],"wp:term":[{"taxonomy":"product_brand","embeddable":true,"href":"https:\/\/edenalvor.com\/pt-pt\/wp-json\/wp\/v2\/product_brand?post=11714"},{"taxonomy":"product_cat","embeddable":true,"href":"https:\/\/edenalvor.com\/pt-pt\/wp-json\/wp\/v2\/product_cat?post=11714"},{"taxonomy":"product_tag","embeddable":true,"href":"https:\/\/edenalvor.com\/pt-pt\/wp-json\/wp\/v2\/product_tag?post=11714"}],"curies":[{"name":"wp","href":"https:\/\/api.w.org\/{rel}","templated":true}]}}